{"id":342,"date":"2014-01-17T17:51:15","date_gmt":"2014-01-17T16:51:15","guid":{"rendered":"http:\/\/standimpro.ch\/particuliers\/?page_id=342"},"modified":"2024-06-04T09:21:18","modified_gmt":"2024-06-04T08:21:18","slug":"cours-impro-geneve","status":"publish","type":"page","link":"https:\/\/standimpro.ch\/particuliers\/cours-impro-geneve\/","title":{"rendered":"Cours Improvisation Gen\u00e8ve: les \u00e9l\u00e8ves t\u00e9moignent"},"content":{"rendered":"\t\t<div data-elementor-type=\"wp-page\" data-elementor-id=\"342\" class=\"elementor elementor-342\" data-elementor-post-type=\"page\">\n\t\t\t\t\t\t<section class=\"elementor-section elementor-top-section elementor-element elementor-element-3f9248ad elementor-section-boxed elementor-section-height-default elementor-section-height-default\" data-id=\"3f9248ad\" data-element_type=\"section\" data-e-type=\"section\">\n\t\t\t\t\t\t<div class=\"elementor-container elementor-column-gap-default\">\n\t\t\t\t\t<div class=\"elementor-column elementor-col-100 elementor-top-column elementor-element elementor-element-780621be\" data-id=\"780621be\" data-element_type=\"column\" data-e-type=\"column\">\n\t\t\t<div class=\"elementor-widget-wrap elementor-element-populated\">\n\t\t\t\t\t\t<div class=\"elementor-element elementor-element-b4553a0 elementor-widget elementor-widget-heading\" data-id=\"b4553a0\" data-element_type=\"widget\" data-e-type=\"widget\" data-widget_type=\"heading.default\">\n\t\t\t\t<div class=\"elementor-widget-container\">\n\t\t\t\t\t<h2 class=\"elementor-heading-title elementor-size-default\">les t\u00e9moignages des eleves<\/h2>\t\t\t\t<\/div>\n\t\t\t\t<\/div>\n\t\t\t\t\t<\/div>\n\t\t<\/div>\n\t\t\t\t\t<\/div>\n\t\t<\/section>\n\t\t\t\t<section class=\"elementor-section elementor-top-section elementor-element elementor-element-f3383cb elementor-section-boxed elementor-section-height-default elementor-section-height-default\" data-id=\"f3383cb\" data-element_type=\"section\" data-e-type=\"section\">\n\t\t\t\t\t\t<div class=\"elementor-container elementor-column-gap-default\">\n\t\t\t\t\t<div class=\"elementor-column elementor-col-100 elementor-top-column elementor-element elementor-element-2e927f6\" data-id=\"2e927f6\" data-element_type=\"column\" data-e-type=\"column\">\n\t\t\t<div class=\"elementor-widget-wrap elementor-element-populated\">\n\t\t\t\t\t\t<div class=\"elementor-element elementor-element-8e97cea elementor-testimonial--skin-default elementor-testimonial--layout-image_inline elementor-testimonial--align-center elementor-arrows-yes elementor-pagination-type-bullets elementor-widget elementor-widget-testimonial-carousel\" data-id=\"8e97cea\" data-element_type=\"widget\" data-e-type=\"widget\" data-settings=\"{&quot;slides_per_view&quot;:&quot;3&quot;,&quot;show_arrows&quot;:&quot;yes&quot;,&quot;pagination&quot;:&quot;bullets&quot;,&quot;speed&quot;:500,&quot;autoplay&quot;:&quot;yes&quot;,&quot;autoplay_speed&quot;:5000,&quot;loop&quot;:&quot;yes&quot;,&quot;pause_on_hover&quot;:&quot;yes&quot;,&quot;pause_on_interaction&quot;:&quot;yes&quot;,&quot;space_between&quot;:{&quot;unit&quot;:&quot;px&quot;,&quot;size&quot;:10,&quot;sizes&quot;:[]},&quot;space_between_tablet&quot;:{&quot;unit&quot;:&quot;px&quot;,&quot;size&quot;:10,&quot;sizes&quot;:[]},&quot;space_between_mobile&quot;:{&quot;unit&quot;:&quot;px&quot;,&quot;size&quot;:10,&quot;sizes&quot;:[]}}\" data-widget_type=\"testimonial-carousel.default\">\n\t\t\t\t<div class=\"elementor-widget-container\">\n\t\t\t\t\t\t\t\t\t<div class=\"elementor-swiper\">\n\t\t\t\t\t<div class=\"elementor-main-swiper swiper\" role=\"region\" aria-roledescription=\"carousel\" aria-label=\"Diapositives\">\n\t\t\t\t<div class=\"swiper-wrapper\">\n\t\t\t\t\t\t\t\t\t\t\t<div class=\"swiper-slide\" role=\"group\" aria-roledescription=\"slide\">\n\t\t\t\t\t\t\t\t\t<div class=\"elementor-testimonial\">\n\t\t\t\t\t\t\t<div class=\"elementor-testimonial__content\">\n\t\t\t\t\t<div class=\"elementor-testimonial__text\">\n\t\t\t\t\t\t Pendant plus d\u2019une ann\u00e9e, j\u2019ai suivi les cours d\u2019improvisation donn\u00e9s par Stand\u2019Impro. J\u2019ai beaucoup appr\u00e9ci\u00e9 l\u2019approche bas\u00e9e sur l\u2019aspect ludique de l\u2019improvisation, mais aussi de la prise de confiance en soi ainsi que du jeu th\u00e9\u00e2tral. Le fait de pouvoir jouer plusieurs spectacles d\u2019improvisation au cours de l\u2019ann\u00e9e m\u2019a clairement permis de d\u00e9velopper un autre rapport aux autres et au public. J\u2019ai ador\u00e9 les cours et les spectacles d\u2019improvisation avec Stand\u2019Impro\t\t\t\t\t<\/div>\n\t\t\t\t\t\t\t\t\t<\/div>\n\t\t\t\t\t\t<div class=\"elementor-testimonial__footer\">\n\t\t\t\t\t\t\t\t\t<div class=\"elementor-testimonial__image\">\n\t\t\t\t\t\t<img decoding=\"async\" src=\"https:\/\/standimpro.ch\/particuliers\/wp-content\/uploads\/2013\/08\/Cours-Impro-Gen\u00e8ve_Chlo\u00e9-2.jpg\" alt=\"cours impro Gen\u00e8ve\">\n\t\t\t\t\t\t\t\t\t\t\t<\/div>\n\t\t\t\t\t\t\t\t<cite class=\"elementor-testimonial__cite\"><span class=\"elementor-testimonial__name\">Chlo\u00e9 Piraud<\/span><\/cite>\t\t\t<\/div>\n\t\t<\/div>\n\t\t\t\t\t\t\t\t<\/div>\n\t\t\t\t\t\t\t\t\t\t\t<div class=\"swiper-slide\" role=\"group\" aria-roledescription=\"slide\">\n\t\t\t\t\t\t\t\t\t<div class=\"elementor-testimonial\">\n\t\t\t\t\t\t\t<div class=\"elementor-testimonial__content\">\n\t\t\t\t\t<div class=\"elementor-testimonial__text\">\n\t\t\t\t\t\tUn moment o\u00f9 l'on s'amuse simplement. Je pense aujourd'hui avoir d\u00e9velopp\u00e9 une v\u00e9ritable passion pour l'impro. En effet, au-del\u00e0 d'offrir des facilit\u00e9s de langage, d'expression ou simplement du charisme, j'y ai trouv\u00e9 des le\u00e7ons de vie, de savoir-\u00eatre et finalement des gens simples et entiers... c'est rare et pr\u00e9cieux donc j'y adh\u00e8re pleinement\t\t\t\t\t<\/div>\n\t\t\t\t\t\t\t\t\t<\/div>\n\t\t\t\t\t\t<div class=\"elementor-testimonial__footer\">\n\t\t\t\t\t\t\t\t\t<div class=\"elementor-testimonial__image\">\n\t\t\t\t\t\t<img decoding=\"async\" src=\"https:\/\/standimpro.ch\/particuliers\/wp-content\/uploads\/2016\/11\/Cours-Impro-Gen\u00e8ve-2.jpg\" alt=\"cours impro Gen\u00e8ve\">\n\t\t\t\t\t\t\t\t\t\t\t<\/div>\n\t\t\t\t\t\t\t\t<cite class=\"elementor-testimonial__cite\"><span class=\"elementor-testimonial__name\">Richard Ufart\u00e9<\/span><\/cite>\t\t\t<\/div>\n\t\t<\/div>\n\t\t\t\t\t\t\t\t<\/div>\n\t\t\t\t\t\t\t\t\t\t\t<div class=\"swiper-slide\" role=\"group\" aria-roledescription=\"slide\">\n\t\t\t\t\t\t\t\t\t<div class=\"elementor-testimonial\">\n\t\t\t\t\t\t\t<div class=\"elementor-testimonial__content\">\n\t\t\t\t\t<div class=\"elementor-testimonial__text\">\n\t\t\t\t\t\tCe cours d'impro \u00e0 Gen\u00e8ve m'a apport\u00e9 \u00e9norm\u00e9ment, tant sur la plan personnel que sur le plan humain. Stand'Impro a mis du soleil dans ma vie! Gr\u00e2ce \u00e0 ces cours, nous apprenons \u00e0 l\u00e2cher prise, \u00e0 prendre confiance en nous et surtout cela nous donne une bonne excuse pour ne pas nous prendre au s\u00e9rieux! \ud83d\ude42 Le c\u00f4t\u00e9 que je pr\u00e9f\u00e8re dans l'impro, c'est cet esprit d'\u00e9quipe et d'entraide. Nous partageons des moments de complicit\u00e9 et de rires au quotidien. Les spectacles d'impro sont l'aboutissement du travail r\u00e9alis\u00e9 tout au long de l'ann\u00e9e et permettent de se lancer un d\u00e9fi personnel.\n\nUne exp\u00e9rience que je recommande \u00e0 tous, \u00e0 consommer sans aucune mod\u00e9ration \ud83d\ude42\t\t\t\t\t<\/div>\n\t\t\t\t\t\t\t\t\t<\/div>\n\t\t\t\t\t\t<div class=\"elementor-testimonial__footer\">\n\t\t\t\t\t\t\t\t\t<div class=\"elementor-testimonial__image\">\n\t\t\t\t\t\t<img decoding=\"async\" src=\"https:\/\/standimpro.ch\/particuliers\/wp-content\/uploads\/2014\/01\/Cours-impro-gen\u00e8ve_1-2.jpg\" alt=\"cours improvisation Gen\u00e8ve\">\n\t\t\t\t\t\t\t\t\t\t\t<\/div>\n\t\t\t\t\t\t\t\t<cite class=\"elementor-testimonial__cite\"><span class=\"elementor-testimonial__name\">Val\u00e9rie Breut<\/span><\/cite>\t\t\t<\/div>\n\t\t<\/div>\n\t\t\t\t\t\t\t\t<\/div>\n\t\t\t\t\t\t\t\t\t\t\t<div class=\"swiper-slide\" role=\"group\" aria-roledescription=\"slide\">\n\t\t\t\t\t\t\t\t\t<div class=\"elementor-testimonial\">\n\t\t\t\t\t\t\t<div class=\"elementor-testimonial__content\">\n\t\t\t\t\t<div class=\"elementor-testimonial__text\">\n\t\t\t\t\t\tSuivre les cours d\u2019improvisation de Stand\u2019impro m\u2019a permis de d\u00e9velopper ma cr\u00e9ativit\u00e9, vaincre ma timidit\u00e9, l\u00e2cher prise, m\u2019exprimer en public, rencontrer et partager avec des personnes de milieu et d\u2019\u00e2ge bien diff\u00e9rents et surtout, le plus important, m\u2019amuser.<br>Suite au conseil d\u2019un ami, j\u2019ai franchi la porte d\u2019entr\u00e9e de mon premier cours sans vraiment savoir ce qu\u2019il allait se passer et aujourd\u2019hui, \u00e7a fait plus de quatre ans que je suis inscrit et c\u2019est toujours avec un grand plaisir que je suis les cours hebdomadaires et participe au spectacle. Une vraie parenth\u00e8se d\u2019humour dans ma semaine quelquefois trop s\u00e9rieuse.\t\t\t\t\t<\/div>\n\t\t\t\t\t\t\t\t\t<\/div>\n\t\t\t\t\t\t<div class=\"elementor-testimonial__footer\">\n\t\t\t\t\t\t\t\t\t<div class=\"elementor-testimonial__image\">\n\t\t\t\t\t\t<img decoding=\"async\" src=\"https:\/\/standimpro.ch\/particuliers\/wp-content\/uploads\/2024\/03\/cours-improvisation.jpg\" alt=\"Thomas Cotting\">\n\t\t\t\t\t\t\t\t\t\t\t<\/div>\n\t\t\t\t\t\t\t\t<cite class=\"elementor-testimonial__cite\"><span class=\"elementor-testimonial__name\">Thomas Cotting<\/span><\/cite>\t\t\t<\/div>\n\t\t<\/div>\n\t\t\t\t\t\t\t\t<\/div>\n\t\t\t\t\t\t\t\t\t\t\t<div class=\"swiper-slide\" role=\"group\" aria-roledescription=\"slide\">\n\t\t\t\t\t\t\t\t\t<div class=\"elementor-testimonial\">\n\t\t\t\t\t\t\t<div class=\"elementor-testimonial__content\">\n\t\t\t\t\t<div class=\"elementor-testimonial__text\">\n\t\t\t\t\t\t\"Des coachs au top, des partenaires de jeu bienveillants, dr\u00f4les et inspirants, l'impro avec Stand Impro est la seule activit\u00e9 qui me fait \u00e0 la fois rire, l\u00e2cher prise et aller au del\u00e0 de mes limites. Merci pour ces purs moments de cr\u00e9ativit\u00e9 collective! C'est que du bonheur!\t\t\t\t\t<\/div>\n\t\t\t\t\t\t\t\t\t<\/div>\n\t\t\t\t\t\t<div class=\"elementor-testimonial__footer\">\n\t\t\t\t\t\t\t\t\t<div class=\"elementor-testimonial__image\">\n\t\t\t\t\t\t<img decoding=\"async\" src=\"https:\/\/standimpro.ch\/particuliers\/wp-content\/uploads\/2024\/03\/Sophie-Paul.jpg\" alt=\"Sophie Paule\">\n\t\t\t\t\t\t\t\t\t\t\t<\/div>\n\t\t\t\t\t\t\t\t<cite class=\"elementor-testimonial__cite\"><span class=\"elementor-testimonial__name\">Sophie Paule<\/span><\/cite>\t\t\t<\/div>\n\t\t<\/div>\n\t\t\t\t\t\t\t\t<\/div>\n\t\t\t\t\t\t\t\t\t\t\t<div class=\"swiper-slide\" role=\"group\" aria-roledescription=\"slide\">\n\t\t\t\t\t\t\t\t\t<div class=\"elementor-testimonial\">\n\t\t\t\t\t\t\t<div class=\"elementor-testimonial__content\">\n\t\t\t\t\t<div class=\"elementor-testimonial__text\">\n\t\t\t\t\t\t Les cours de Stand'Impro, c'est l'occasion exceptionnelle de d\u00e9couvrir les autres et surtout soi-m\u00eame \u00e0 travers un outil formidable: l'improvisation. Qu'on la consid\u00e8re comme un simple loisir ou comme une \"vocation\" \u00e0 part enti\u00e8re, l'impro apporte une multitude de qualit\u00e9s pouvant \u00eatre utilis\u00e9es au quotidien et particuli\u00e8rement dans notre vie en soci\u00e9t\u00e9. C'est aussi la chance de se confronter \u00e0 la sc\u00e8ne, et surtout, de partager d'excellents moments avec ce qui devient rapidement des amis improvisateurs \ud83d\ude42 \t\t\t\t\t<\/div>\n\t\t\t\t\t\t\t\t\t<\/div>\n\t\t\t\t\t\t<div class=\"elementor-testimonial__footer\">\n\t\t\t\t\t\t\t\t\t<div class=\"elementor-testimonial__image\">\n\t\t\t\t\t\t<img decoding=\"async\" src=\"https:\/\/standimpro.ch\/particuliers\/wp-content\/uploads\/2016\/11\/Cours-impro-Gen\u00e8ve_2-2.jpg\" alt=\"cours impro Gen\u00e8ve\">\n\t\t\t\t\t\t\t\t\t\t\t<\/div>\n\t\t\t\t\t\t\t\t<cite class=\"elementor-testimonial__cite\"><span class=\"elementor-testimonial__name\">L\u00e9o Felder<\/span><\/cite>\t\t\t<\/div>\n\t\t<\/div>\n\t\t\t\t\t\t\t\t<\/div>\n\t\t\t\t\t\t\t\t\t\t\t<div class=\"swiper-slide\" role=\"group\" aria-roledescription=\"slide\">\n\t\t\t\t\t\t\t\t\t<div class=\"elementor-testimonial\">\n\t\t\t\t\t\t\t<div class=\"elementor-testimonial__content\">\n\t\t\t\t\t<div class=\"elementor-testimonial__text\">\n\t\t\t\t\t\t Une bouff\u00e9e de d\u00e9connade dans ce monde... Stand'Impro \u00e7a fait du bien. Recommand\u00e9 en doses hebdomadaires additionn\u00e9es d'\u00e9ventuels l\u00e2chage de soir lors de spectacle pour le plus grand bonheur de sa famille, de ses amis et avant tout de soi-m\u00eame. Une exp\u00e9rience unique encadr\u00e9e d'une main de ma\u00eetre. Venez-nous rejoindre dans cette \u00e9cole de th\u00e9\u00e2tre \u00e0 Gen\u00e8ve.\"\t\t\t\t\t<\/div>\n\t\t\t\t\t\t\t\t\t<\/div>\n\t\t\t\t\t\t<div class=\"elementor-testimonial__footer\">\n\t\t\t\t\t\t\t\t\t<div class=\"elementor-testimonial__image\">\n\t\t\t\t\t\t<img decoding=\"async\" src=\"https:\/\/standimpro.ch\/particuliers\/wp-content\/uploads\/2014\/01\/Cours-Impro-Gen\u00e8ve-2.jpg\" alt=\"cours impro Gen\u00e8ve\">\n\t\t\t\t\t\t\t\t\t\t\t<\/div>\n\t\t\t\t\t\t\t\t<cite class=\"elementor-testimonial__cite\"><span class=\"elementor-testimonial__name\">Benjamin Firmenich<\/span><\/cite>\t\t\t<\/div>\n\t\t<\/div>\n\t\t\t\t\t\t\t\t<\/div>\n\t\t\t\t\t\t\t\t\t\t\t<div class=\"swiper-slide\" role=\"group\" aria-roledescription=\"slide\">\n\t\t\t\t\t\t\t\t\t<div class=\"elementor-testimonial\">\n\t\t\t\t\t\t\t<div class=\"elementor-testimonial__content\">\n\t\t\t\t\t<div class=\"elementor-testimonial__text\">\n\t\t\t\t\t\tJ'ai suivi les cours de Stand'Impro, \u00e9cole d'impro \u00e0 Gen\u00e8ve, pendant plus d'un an et demi. J'ai pu appr\u00e9cier r\u00e9guli\u00e8rement les exercices th\u00e9oriques mais aussi leurs mises en pratique adapt\u00e9es \u00e0 chaque \u00e9l\u00e8ve du groupe. En quelques mois seulement, j'ai pu d\u00e9velopper mon savoir \u00eatre et r\u00e9aliser des spectacles enti\u00e8rement improvis\u00e9s face au public! Une des forces de l'\u00e9cole Stand'Impro est cette approche par l'exp\u00e9rience des spectacles. Tout d'abord des mini-sc\u00e8nes puis progressivement des centaines de personnes face \u00e0 vous. Le tout dans le plaisir. \t\t\t\t\t<\/div>\n\t\t\t\t\t\t\t\t\t<\/div>\n\t\t\t\t\t\t<div class=\"elementor-testimonial__footer\">\n\t\t\t\t\t\t\t\t\t<div class=\"elementor-testimonial__image\">\n\t\t\t\t\t\t<img decoding=\"async\" src=\"https:\/\/standimpro.ch\/particuliers\/wp-content\/uploads\/2016\/11\/Cours-Impro-Gen\u00e8ve_Fred-2.jpg\" alt=\"cours impro Gen\u00e8ve\">\n\t\t\t\t\t\t\t\t\t\t\t<\/div>\n\t\t\t\t\t\t\t\t<cite class=\"elementor-testimonial__cite\"><span class=\"elementor-testimonial__name\">Frederic Merland<\/span><\/cite>\t\t\t<\/div>\n\t\t<\/div>\n\t\t\t\t\t\t\t\t<\/div>\n\t\t\t\t\t\t\t\t\t\t\t<div class=\"swiper-slide\" role=\"group\" aria-roledescription=\"slide\">\n\t\t\t\t\t\t\t\t\t<div class=\"elementor-testimonial\">\n\t\t\t\t\t\t\t<div class=\"elementor-testimonial__content\">\n\t\t\t\t\t<div class=\"elementor-testimonial__text\">\n\t\t\t\t\t\tLes cours d'improvisation de Stand'impro m'ont permi de v\u00e9ritablement apprendre l'impro \u00e0 Gen\u00e8ve. Un regard particulier d'un des coachs les plus inspirants jamais rencontr\u00e9. j'ai personnellement vu grandir les cours et l'\u00e9cole d'improvisation a mon plus grand \u00e9merveillement. un bonheur \u00e0 partager et des moments privil\u00e9gies!\t\t\t\t\t<\/div>\n\t\t\t\t\t\t\t\t\t<\/div>\n\t\t\t\t\t\t<div class=\"elementor-testimonial__footer\">\n\t\t\t\t\t\t\t\t\t<div class=\"elementor-testimonial__image\">\n\t\t\t\t\t\t<img decoding=\"async\" src=\"https:\/\/standimpro.ch\/particuliers\/wp-content\/uploads\/2013\/08\/Cours-Impro-Gen\u00e8ve_4-2.jpg\" alt=\"cours impro Gen\u00e8ve\">\n\t\t\t\t\t\t\t\t\t\t\t<\/div>\n\t\t\t\t\t\t\t\t<cite class=\"elementor-testimonial__cite\"><span class=\"elementor-testimonial__name\">C\u00e9cile Terraz<\/span><\/cite>\t\t\t<\/div>\n\t\t<\/div>\n\t\t\t\t\t\t\t\t<\/div>\n\t\t\t\t\t\t\t\t\t\t\t<div class=\"swiper-slide\" role=\"group\" aria-roledescription=\"slide\">\n\t\t\t\t\t\t\t\t\t<div class=\"elementor-testimonial\">\n\t\t\t\t\t\t\t<div class=\"elementor-testimonial__content\">\n\t\t\t\t\t<div class=\"elementor-testimonial__text\">\n\t\t\t\t\t\tLes cours d'improvisation \u00e0 Gen\u00e8ve: se d\u00e9fouler, l\u00e2cher prise, faire jaillir sa cr\u00e9ativit\u00e9, prendre confiance en soi, s'amuser, rencontrer d'autres improvisateurs, structurer son discours, apprendre, d\u00e9couvrir de nouveaux horizons, et ouvrir la vanne qui d\u00e9verse les vannes\u2026 C'est tout cela que l'\u00e9cole d'improvisation th\u00e9\u00e2trale Stand'Impro m'apporte depuis quelques mois!\t\t\t\t\t<\/div>\n\t\t\t\t\t\t\t\t\t<\/div>\n\t\t\t\t\t\t<div class=\"elementor-testimonial__footer\">\n\t\t\t\t\t\t\t\t\t<div class=\"elementor-testimonial__image\">\n\t\t\t\t\t\t<img decoding=\"async\" src=\"https:\/\/standimpro.ch\/particuliers\/wp-content\/uploads\/2013\/08\/Cours-Impro-Gen\u00e8ve_Gilles-2.jpg\" alt=\"Improvisation th\u00e9\u00e2trale\">\n\t\t\t\t\t\t\t\t\t\t\t<\/div>\n\t\t\t\t\t\t\t\t<cite class=\"elementor-testimonial__cite\"><span class=\"elementor-testimonial__name\">Gilles Dumont<\/span><\/cite>\t\t\t<\/div>\n\t\t<\/div>\n\t\t\t\t\t\t\t\t<\/div>\n\t\t\t\t\t\t\t\t\t\t\t<div class=\"swiper-slide\" role=\"group\" aria-roledescription=\"slide\">\n\t\t\t\t\t\t\t\t\t<div class=\"elementor-testimonial\">\n\t\t\t\t\t\t\t<div class=\"elementor-testimonial__content\">\n\t\t\t\t\t<div class=\"elementor-testimonial__text\">\n\t\t\t\t\t\tLes cours d'improvisation th\u00e9\u00e2trale envisag\u00e9e par Stand\u2019Impro \u00e0 Gen\u00e8ve permettent de sentir des sentiers battus que proposent certaines compagnies th\u00e9\u00e2trales. Encha\u00eener le jeu, le show, les cours, les formations et les stages d\u2019improvisation th\u00e9\u00e2trale m\u2019a apport\u00e9 un grand \u00e9lan dans mon jeu de Com\u00e9dien du petit \u00e9cran. \t\t\t\t\t<\/div>\n\t\t\t\t\t\t\t\t\t<\/div>\n\t\t\t\t\t\t<div class=\"elementor-testimonial__footer\">\n\t\t\t\t\t\t\t\t\t<div class=\"elementor-testimonial__image\">\n\t\t\t\t\t\t<img decoding=\"async\" src=\"https:\/\/standimpro.ch\/particuliers\/wp-content\/uploads\/2016\/11\/Cours-Impro-Gen\u00e8ve-2-1.jpg\" alt=\"cours improvisation Gen\u00e8ve\">\n\t\t\t\t\t\t\t\t\t\t\t<\/div>\n\t\t\t\t\t\t\t\t<cite class=\"elementor-testimonial__cite\"><span class=\"elementor-testimonial__name\">Dereck Robin<\/span><\/cite>\t\t\t<\/div>\n\t\t<\/div>\n\t\t\t\t\t\t\t\t<\/div>\n\t\t\t\t\t\t\t\t\t\t\t<div class=\"swiper-slide\" role=\"group\" aria-roledescription=\"slide\">\n\t\t\t\t\t\t\t\t\t<div class=\"elementor-testimonial\">\n\t\t\t\t\t\t\t<div class=\"elementor-testimonial__content\">\n\t\t\t\t\t<div class=\"elementor-testimonial__text\">\n\t\t\t\t\t\tEnchant\u00e9e par la formation officielle \u00e0 la prise de parole en public donn\u00e9e pour l'Etat de Gen\u00e8ve par Andreas Ventouras, je me suis inscrite aux cours d'impro de Stand'Impro pour continuer cette exp\u00e9rience. Curieuse et enthousiaste, j'attends avec impatience chaque mardi soir. Espace de d\u00e9tente, convivialit\u00e9, plaisir, c'est pas la bienveillance et en toute confiance que j'exp\u00e9rimente la l\u00e2cher prise. A travers son cours d'impro, Stand'Impro m'emm\u00e8ne vers une plus grande confiance en moi et \u00e0 la d\u00e9couvertes de capacit\u00e9s profond\u00e9ment enfouies. Merci!!\t\t\t\t\t<\/div>\n\t\t\t\t\t\t\t\t\t<\/div>\n\t\t\t\t\t\t<div class=\"elementor-testimonial__footer\">\n\t\t\t\t\t\t\t\t\t<div class=\"elementor-testimonial__image\">\n\t\t\t\t\t\t<img decoding=\"async\" src=\"https:\/\/standimpro.ch\/particuliers\/wp-content\/uploads\/2016\/11\/Cours-Impro-Gen\u00e8ve_3-2.jpg\" alt=\"cours impro Gen\u00e8ve\">\n\t\t\t\t\t\t\t\t\t\t\t<\/div>\n\t\t\t\t\t\t\t\t<cite class=\"elementor-testimonial__cite\"><span class=\"elementor-testimonial__name\">B\u00e9atrice Piovesan<\/span><\/cite>\t\t\t<\/div>\n\t\t<\/div>\n\t\t\t\t\t\t\t\t<\/div>\n\t\t\t\t\t\t\t\t\t<\/div>\n\t\t\t\t\t\t\t\t\t\t\t\t\t\t\t<div class=\"elementor-swiper-button elementor-swiper-button-prev\" role=\"button\" tabindex=\"0\" aria-label=\"Pr\u00e9c\u00e9dent\">\n\t\t\t\t\t\t\t<i aria-hidden=\"true\" class=\"eicon-chevron-left\"><\/i>\t\t\t\t\t\t<\/div>\n\t\t\t\t\t\t<div class=\"elementor-swiper-button elementor-swiper-button-next\" role=\"button\" tabindex=\"0\" aria-label=\"Suivant\">\n\t\t\t\t\t\t\t<i aria-hidden=\"true\" class=\"eicon-chevron-right\"><\/i>\t\t\t\t\t\t<\/div>\n\t\t\t\t\t\t\t\t\t\t\t\t\t\t\t\t<div class=\"swiper-pagination\"><\/div>\n\t\t\t\t\t\t\t\t\t\t\t\t<\/div>\n\t\t\t\t<\/div>\n\t\t\t\t\t\t\t\t<\/div>\n\t\t\t\t<\/div>\n\t\t\t\t\t<\/div>\n\t\t<\/div>\n\t\t\t\t\t<\/div>\n\t\t<\/section>\n\t\t\t\t<\/div>\n\t\t<!-- AddThis Advanced Settings generic via filter on the_content --><!-- AddThis Share Buttons generic via filter on the_content -->","protected":false},"excerpt":{"rendered":"<p>les t\u00e9moignages des eleves Pendant plus d\u2019une ann\u00e9e, j\u2019ai suivi les cours d\u2019improvisation donn\u00e9s par Stand\u2019Impro. J\u2019ai beaucoup appr\u00e9ci\u00e9 l\u2019approche bas\u00e9e sur l\u2019aspect ludique de l\u2019improvisation, mais aussi de la prise de confiance en soi ainsi que du jeu th\u00e9\u00e2tral. Le fait de pouvoir jouer plusieurs spectacles d\u2019improvisation au cours de l\u2019ann\u00e9e m\u2019a clairement permis [&hellip;]<!-- AddThis Advanced Settings generic via filter on get_the_excerpt --><!-- AddThis Share Buttons generic via filter on get_the_excerpt --><\/p>\n","protected":false},"author":1,"featured_media":5165,"parent":0,"menu_order":0,"comment_status":"open","ping_status":"open","template":"","meta":{"footnotes":""},"class_list":["post-342","page","type-page","status-publish","has-post-thumbnail","hentry"],"yoast_head":"<!-- This site is optimized with the Yoast SEO plugin v27.1.1 - https:\/\/yoast.com\/product\/yoast-seo-wordpress\/ -->\n<title>Cours Improvisation Gen\u00e8ve - Stand&#039;Impro \u00e9cole pour cours et stages<\/title>\n<meta name=\"description\" content=\"Les Cours Improvisation Gen\u00e8ve de th\u00e9\u00e2tre avec l&#039;\u00e9cole d&#039;impro: Stand&#039;Impro. Des cours de th\u00e9\u00e2tre pour adultes. T\u00e9moignages des cours d&#039;improvisation\" \/>\n<meta name=\"robots\" content=\"index, follow, max-snippet:-1, max-image-preview:large, max-video-preview:-1\" \/>\n<link rel=\"canonical\" href=\"https:\/\/standimpro.ch\/particuliers\/cours-impro-geneve\/\" \/>\n<meta property=\"og:locale\" content=\"fr_FR\" \/>\n<meta property=\"og:type\" content=\"article\" \/>\n<meta property=\"og:title\" content=\"Cours Improvisation Gen\u00e8ve - Stand&#039;Impro \u00e9cole pour cours et stages\" \/>\n<meta property=\"og:description\" content=\"Les Cours Improvisation Gen\u00e8ve de th\u00e9\u00e2tre avec l&#039;\u00e9cole d&#039;impro: Stand&#039;Impro. Des cours de th\u00e9\u00e2tre pour adultes. T\u00e9moignages des cours d&#039;improvisation\" \/>\n<meta property=\"og:url\" content=\"https:\/\/standimpro.ch\/particuliers\/cours-impro-geneve\/\" \/>\n<meta property=\"article:publisher\" content=\"https:\/\/www.facebook.com\/standimpro\/?ref=aymt_homepage_panel\" \/>\n<meta property=\"article:modified_time\" content=\"2024-06-04T08:21:18+00:00\" \/>\n<meta property=\"og:image\" content=\"https:\/\/standimpro.ch\/particuliers\/wp-content\/uploads\/2022\/08\/A-PUB_newsletter.jpg\" \/>\n\t<meta property=\"og:image:width\" content=\"1210\" \/>\n\t<meta property=\"og:image:height\" content=\"674\" \/>\n\t<meta property=\"og:image:type\" content=\"image\/jpeg\" \/>\n<meta name=\"twitter:label1\" content=\"Dur\u00e9e de lecture estim\u00e9e\" \/>\n\t<meta name=\"twitter:data1\" content=\"5 minutes\" \/>\n<script type=\"application\/ld+json\" class=\"yoast-schema-graph\">{\"@context\":\"https:\/\/schema.org\",\"@graph\":[{\"@type\":\"WebPage\",\"@id\":\"https:\/\/standimpro.ch\/particuliers\/cours-impro-geneve\/\",\"url\":\"https:\/\/standimpro.ch\/particuliers\/cours-impro-geneve\/\",\"name\":\"Cours Improvisation Gen\u00e8ve - Stand'Impro \u00e9cole pour cours et stages\",\"isPartOf\":{\"@id\":\"https:\/\/standimpro.ch\/particuliers\/#website\"},\"primaryImageOfPage\":{\"@id\":\"https:\/\/standimpro.ch\/particuliers\/cours-impro-geneve\/#primaryimage\"},\"image\":{\"@id\":\"https:\/\/standimpro.ch\/particuliers\/cours-impro-geneve\/#primaryimage\"},\"thumbnailUrl\":\"https:\/\/standimpro.ch\/particuliers\/wp-content\/uploads\/2022\/08\/A-PUB_newsletter.jpg\",\"datePublished\":\"2014-01-17T16:51:15+00:00\",\"dateModified\":\"2024-06-04T08:21:18+00:00\",\"description\":\"Les Cours Improvisation Gen\u00e8ve de th\u00e9\u00e2tre avec l'\u00e9cole d'impro: Stand'Impro. Des cours de th\u00e9\u00e2tre pour adultes. T\u00e9moignages des cours d'improvisation\",\"breadcrumb\":{\"@id\":\"https:\/\/standimpro.ch\/particuliers\/cours-impro-geneve\/#breadcrumb\"},\"inLanguage\":\"fr-FR\",\"potentialAction\":[{\"@type\":\"ReadAction\",\"target\":[\"https:\/\/standimpro.ch\/particuliers\/cours-impro-geneve\/\"]}]},{\"@type\":\"ImageObject\",\"inLanguage\":\"fr-FR\",\"@id\":\"https:\/\/standimpro.ch\/particuliers\/cours-impro-geneve\/#primaryimage\",\"url\":\"https:\/\/standimpro.ch\/particuliers\/wp-content\/uploads\/2022\/08\/A-PUB_newsletter.jpg\",\"contentUrl\":\"https:\/\/standimpro.ch\/particuliers\/wp-content\/uploads\/2022\/08\/A-PUB_newsletter.jpg\",\"width\":1210,\"height\":674},{\"@type\":\"BreadcrumbList\",\"@id\":\"https:\/\/standimpro.ch\/particuliers\/cours-impro-geneve\/#breadcrumb\",\"itemListElement\":[{\"@type\":\"ListItem\",\"position\":1,\"name\":\"Accueil\",\"item\":\"https:\/\/standimpro.ch\/particuliers\/impro\/\"},{\"@type\":\"ListItem\",\"position\":2,\"name\":\"Cours Improvisation Gen\u00e8ve: les \u00e9l\u00e8ves t\u00e9moignent\"}]},{\"@type\":\"WebSite\",\"@id\":\"https:\/\/standimpro.ch\/particuliers\/#website\",\"url\":\"https:\/\/standimpro.ch\/particuliers\/\",\"name\":\"\",\"description\":\"\",\"potentialAction\":[{\"@type\":\"SearchAction\",\"target\":{\"@type\":\"EntryPoint\",\"urlTemplate\":\"https:\/\/standimpro.ch\/particuliers\/?s={search_term_string}\"},\"query-input\":{\"@type\":\"PropertyValueSpecification\",\"valueRequired\":true,\"valueName\":\"search_term_string\"}}],\"inLanguage\":\"fr-FR\"}]}<\/script>\n<!-- \/ Yoast SEO plugin. -->","yoast_head_json":{"title":"Cours Improvisation Gen\u00e8ve - Stand'Impro \u00e9cole pour cours et stages","description":"Les Cours Improvisation Gen\u00e8ve de th\u00e9\u00e2tre avec l'\u00e9cole d'impro: Stand'Impro. Des cours de th\u00e9\u00e2tre pour adultes. T\u00e9moignages des cours d'improvisation","robots":{"index":"index","follow":"follow","max-snippet":"max-snippet:-1","max-image-preview":"max-image-preview:large","max-video-preview":"max-video-preview:-1"},"canonical":"https:\/\/standimpro.ch\/particuliers\/cours-impro-geneve\/","og_locale":"fr_FR","og_type":"article","og_title":"Cours Improvisation Gen\u00e8ve - Stand'Impro \u00e9cole pour cours et stages","og_description":"Les Cours Improvisation Gen\u00e8ve de th\u00e9\u00e2tre avec l'\u00e9cole d'impro: Stand'Impro. Des cours de th\u00e9\u00e2tre pour adultes. T\u00e9moignages des cours d'improvisation","og_url":"https:\/\/standimpro.ch\/particuliers\/cours-impro-geneve\/","article_publisher":"https:\/\/www.facebook.com\/standimpro\/?ref=aymt_homepage_panel","article_modified_time":"2024-06-04T08:21:18+00:00","og_image":[{"width":1210,"height":674,"url":"https:\/\/standimpro.ch\/particuliers\/wp-content\/uploads\/2022\/08\/A-PUB_newsletter.jpg","type":"image\/jpeg"}],"twitter_misc":{"Dur\u00e9e de lecture estim\u00e9e":"5 minutes"},"schema":{"@context":"https:\/\/schema.org","@graph":[{"@type":"WebPage","@id":"https:\/\/standimpro.ch\/particuliers\/cours-impro-geneve\/","url":"https:\/\/standimpro.ch\/particuliers\/cours-impro-geneve\/","name":"Cours Improvisation Gen\u00e8ve - Stand'Impro \u00e9cole pour cours et stages","isPartOf":{"@id":"https:\/\/standimpro.ch\/particuliers\/#website"},"primaryImageOfPage":{"@id":"https:\/\/standimpro.ch\/particuliers\/cours-impro-geneve\/#primaryimage"},"image":{"@id":"https:\/\/standimpro.ch\/particuliers\/cours-impro-geneve\/#primaryimage"},"thumbnailUrl":"https:\/\/standimpro.ch\/particuliers\/wp-content\/uploads\/2022\/08\/A-PUB_newsletter.jpg","datePublished":"2014-01-17T16:51:15+00:00","dateModified":"2024-06-04T08:21:18+00:00","description":"Les Cours Improvisation Gen\u00e8ve de th\u00e9\u00e2tre avec l'\u00e9cole d'impro: Stand'Impro. Des cours de th\u00e9\u00e2tre pour adultes. T\u00e9moignages des cours d'improvisation","breadcrumb":{"@id":"https:\/\/standimpro.ch\/particuliers\/cours-impro-geneve\/#breadcrumb"},"inLanguage":"fr-FR","potentialAction":[{"@type":"ReadAction","target":["https:\/\/standimpro.ch\/particuliers\/cours-impro-geneve\/"]}]},{"@type":"ImageObject","inLanguage":"fr-FR","@id":"https:\/\/standimpro.ch\/particuliers\/cours-impro-geneve\/#primaryimage","url":"https:\/\/standimpro.ch\/particuliers\/wp-content\/uploads\/2022\/08\/A-PUB_newsletter.jpg","contentUrl":"https:\/\/standimpro.ch\/particuliers\/wp-content\/uploads\/2022\/08\/A-PUB_newsletter.jpg","width":1210,"height":674},{"@type":"BreadcrumbList","@id":"https:\/\/standimpro.ch\/particuliers\/cours-impro-geneve\/#breadcrumb","itemListElement":[{"@type":"ListItem","position":1,"name":"Accueil","item":"https:\/\/standimpro.ch\/particuliers\/impro\/"},{"@type":"ListItem","position":2,"name":"Cours Improvisation Gen\u00e8ve: les \u00e9l\u00e8ves t\u00e9moignent"}]},{"@type":"WebSite","@id":"https:\/\/standimpro.ch\/particuliers\/#website","url":"https:\/\/standimpro.ch\/particuliers\/","name":"","description":"","potentialAction":[{"@type":"SearchAction","target":{"@type":"EntryPoint","urlTemplate":"https:\/\/standimpro.ch\/particuliers\/?s={search_term_string}"},"query-input":{"@type":"PropertyValueSpecification","valueRequired":true,"valueName":"search_term_string"}}],"inLanguage":"fr-FR"}]}},"_links":{"self":[{"href":"https:\/\/standimpro.ch\/particuliers\/wp-json\/wp\/v2\/pages\/342","targetHints":{"allow":["GET"]}}],"collection":[{"href":"https:\/\/standimpro.ch\/particuliers\/wp-json\/wp\/v2\/pages"}],"about":[{"href":"https:\/\/standimpro.ch\/particuliers\/wp-json\/wp\/v2\/types\/page"}],"author":[{"embeddable":true,"href":"https:\/\/standimpro.ch\/particuliers\/wp-json\/wp\/v2\/users\/1"}],"replies":[{"embeddable":true,"href":"https:\/\/standimpro.ch\/particuliers\/wp-json\/wp\/v2\/comments?post=342"}],"version-history":[{"count":184,"href":"https:\/\/standimpro.ch\/particuliers\/wp-json\/wp\/v2\/pages\/342\/revisions"}],"predecessor-version":[{"id":8287,"href":"https:\/\/standimpro.ch\/particuliers\/wp-json\/wp\/v2\/pages\/342\/revisions\/8287"}],"wp:featuredmedia":[{"embeddable":true,"href":"https:\/\/standimpro.ch\/particuliers\/wp-json\/wp\/v2\/media\/5165"}],"wp:attachment":[{"href":"https:\/\/standimpro.ch\/particuliers\/wp-json\/wp\/v2\/media?parent=342"}],"curies":[{"name":"wp","href":"https:\/\/api.w.org\/{rel}","templated":true}]}}